{"id":5412,"date":"2020-01-16T18:10:30","date_gmt":"2020-01-16T17:10:30","guid":{"rendered":"https:\/\/chef-domicile.com\/?page_id=5412"},"modified":"2020-01-16T18:14:33","modified_gmt":"2020-01-16T17:14:33","slug":"politique-de-confidentialite","status":"publish","type":"page","link":"https:\/\/chef-domicile.com\/index.php\/en\/politique-de-confidentialite\/","title":{"rendered":"Politique de Confidentialit\u00e9"},"content":{"rendered":"<h2>QUI SOMMES-NOUS\u00a0?<\/h2>\n<p>Julien TARTRE, Chef \u00e0 domicile et traiteur \u00e0 Poitiers.<\/p>\n<p>L\u2019adresse de notre site web est\u00a0https:\/\/chef-domicile.com\/<\/p>\n<h2>UTILISATION DES DONN\u00c9ES PERSONNELLES COLLECT\u00c9ES ET POLITIQUE DE CONFIDENTIALIT\u00c9<\/h2>\n<h3>COMMENTAIRES<\/h3>\n<p>&nbsp;<\/p>\n<p>Quand vous laissez un commentaire sur notre site web, les donn\u00e9es inscrites dans le formulaire de commentaire, mais aussi votre adresse IP et l\u2019agent utilisateur de votre navigateur sont collect\u00e9s pour nous aider \u00e0 la d\u00e9tection des commentaires ind\u00e9sirables.<\/p>\n<p>&nbsp;<\/p>\n<p>Une cha\u00eene anonymis\u00e9e cr\u00e9\u00e9e \u00e0 partir de votre adresse de messagerie (\u00e9galement appel\u00e9e hash) peut \u00eatre envoy\u00e9e au service Gravatar pour v\u00e9rifier si vous utilisez ce dernier. Les clauses de confidentialit\u00e9 du service Gravatar sont disponibles ici\u00a0: https:\/\/automattic.com\/privacy\/. Apr\u00e8s validation de votre commentaire, votre photo de profil sera visible publiquement \u00e0 cot\u00e9 de votre commentaire.<\/p>\n<p>&nbsp;<\/p>\n<h3>M\u00c9DIAS<\/h3>\n<p>&nbsp;<\/p>\n<p>Si vous \u00eates un utilisateur ou une utilisatrice enregistr\u00e9\u00b7e et que vous t\u00e9l\u00e9versez des images sur le site web, nous vous conseillons d\u2019\u00e9viter de t\u00e9l\u00e9verser des images contenant des donn\u00e9es EXIF de coordonn\u00e9es GPS. Les visiteurs de votre site web peuvent t\u00e9l\u00e9charger et extraire des donn\u00e9es de localisation depuis ces images.<\/p>\n<p>&nbsp;<\/p>\n<h3>FORMULAIRES DE CONTACT<\/h3>\n<p>&nbsp;<\/p>\n<p>Si vous enregistrez vos donn\u00e9es personnelles \u00e0 travers les formulaires de contacts pr\u00e9sent sur le site internet, c\u2019est dans un objectif de rentrer en contact avec nos \u00e9quipes. Les donn\u00e9es seront utilis\u00e9es par la soci\u00e9t\u00e9 Idefixe pour analyser et r\u00e9pondre \u00e0 votre demande de contact. Les donn\u00e9es personnelles sont stock\u00e9es sur le site internet dans le respect des d\u00e9lais l\u00e9gaux, une fois les d\u00e9lais d\u00e9pass\u00e9s, elles seront automatiquement d\u00e9truites. Le cas \u00e9ch\u00e9ant, les donn\u00e9es personnelles peuvent \u00eatre enregistr\u00e9es sur notre outil CRM afin de continuer l\u2019\u00e9change avec le prospect. Nous proposons le m\u00eame degr\u00e9 de s\u00e9curit\u00e9 et de respect des d\u00e9lais l\u00e9gaux.<\/p>\n<p>&nbsp;<\/p>\n<p>A aucun moment; le groupement ne transmet les donn\u00e9es personnelles \u00e0 un organisme tiers.<\/p>\n<p>&nbsp;<\/p>\n<h3>COOKIES<\/h3>\n<p>&nbsp;<\/p>\n<p>Si vous d\u00e9posez un commentaire sur notre site, il vous sera propos\u00e9 d\u2019enregistrer votre nom, adresse de messagerie et site web dans des cookies. C\u2019est uniquement pour votre confort afin de ne pas avoir \u00e0 saisir ces informations si vous d\u00e9posez un autre commentaire plus tard. Ces cookies expirent au bout d\u2019un an.<\/p>\n<p>&nbsp;<\/p>\n<p>Si vous avez un compte et que vous vous connectez sur ce site, un cookie temporaire sera cr\u00e9\u00e9 afin de d\u00e9terminer si votre navigateur accepte les cookies. Il ne contient pas de donn\u00e9es personnelles et sera supprim\u00e9 automatiquement \u00e0 la fermeture de votre navigateur.<\/p>\n<p>&nbsp;<\/p>\n<p>Lorsque vous vous connecterez, nous mettrons en place un certain nombre de cookies pour enregistrer vos informations de connexion et vos pr\u00e9f\u00e9rences d\u2019\u00e9cran. La dur\u00e9e de vie d\u2019un cookie de connexion est de deux jours, celle d\u2019un cookie d\u2019option d\u2019\u00e9cran est d\u2019un an. Si vous cochez \u00ab\u00a0Se souvenir de moi\u00a0\u00bb, votre cookie de connexion sera conserv\u00e9 pendant deux semaines. Si vous vous d\u00e9connectez de votre compte, le cookie de connexion sera effac\u00e9.<\/p>\n<p>&nbsp;<\/p>\n<p>En modifiant ou en publiant une publication, un cookie suppl\u00e9mentaire sera enregistr\u00e9 dans votre navigateur. Ce cookie ne comprend aucune donn\u00e9e personnelle. Il indique simplement l\u2019ID de la publication que vous venez de modifier. Il expire au bout d\u2019un jour.<\/p>\n<p>&nbsp;<\/p>\n<h3>CONTENU EMBARQU\u00c9 DEPUIS D\u2019AUTRES SITES<\/h3>\n<p>&nbsp;<\/p>\n<p>Les articles de ce site peuvent inclure des contenus int\u00e9gr\u00e9s (par exemple des vid\u00e9os, images, articles\u2026). Le contenu int\u00e9gr\u00e9 depuis d\u2019autres sites se comporte de la m\u00eame mani\u00e8re que si le visiteur se rendait sur cet autre site.<\/p>\n<p>&nbsp;<\/p>\n<p>Ces sites web pourraient collecter des donn\u00e9es sur vous, utiliser des cookies, embarquer des outils de suivis tiers, suivre vos interactions avec ces contenus embarqu\u00e9s si vous disposez d\u2019un compte connect\u00e9 sur leur site web.<\/p>\n<p>&nbsp;<\/p>\n<h3>STATISTIQUES ET MESURES D\u2019AUDIENCE<\/h3>\n<p>&nbsp;<\/p>\n<p>Le groupe IDEFIXE collecte ses donn\u00e9es pour mesurer l\u2019audience via l\u2019outil Google Analitycs.<\/p>\n<p>&nbsp;<\/p>\n<h2>UTILISATION ET TRANSMISSION DE VOS DONN\u00c9ES PERSONNELLES<\/h2>\n<p>&nbsp;<\/p>\n<h3>DUR\u00c9ES DE STOCKAGE DE VOS DONN\u00c9ES<\/h3>\n<p>&nbsp;<\/p>\n<p>Si vous laissez un commentaire, le commentaire et ses m\u00e9tadonn\u00e9es sont conserv\u00e9s ind\u00e9finiment. Cela permet de reconna\u00eetre et approuver automatiquement les commentaires suivants au lieu de les laisser dans la file de mod\u00e9ration.<\/p>\n<p>&nbsp;<\/p>\n<p>Pour les utilisateurs et utilisatrices qui s\u2019enregistrent sur notre site (si cela est possible), nous stockons \u00e9galement les donn\u00e9es personnelles indiqu\u00e9es dans leur profil. Tous les utilisateurs et utilisatrices peuvent voir, modifier ou supprimer leurs informations personnelles \u00e0 tout moment (\u00e0 l\u2019exception de leur nom d\u2019utilisateur\u00b7ice). Les gestionnaires du site peuvent aussi voir et modifier ces informations. Les donn\u00e9es sont supprim\u00e9es automatiquement en fonction des d\u00e9lais l\u00e9gaux.<\/p>\n<p>&nbsp;<\/p>\n<h3>LES DROITS QUE VOUS AVEZ SUR VOS DONN\u00c9ES<\/h3>\n<p>&nbsp;<\/p>\n<p>Si vous avez un compte ou si vous avez laiss\u00e9 des commentaires sur le site, vous pouvez demander \u00e0 recevoir un fichier contenant toutes les donn\u00e9es personnelles que nous poss\u00e9dons \u00e0 votre sujet, incluant celles que vous nous avez fournies. Vous pouvez \u00e9galement demander la suppression des donn\u00e9es personnelles vous concernant. Cela ne prend pas en compte les donn\u00e9es stock\u00e9es \u00e0 des fins administratives, l\u00e9gales ou pour des raisons de s\u00e9curit\u00e9.<\/p>\n<p>&nbsp;<\/p>\n<h3>TRANSMISSION DE VOS DONN\u00c9ES PERSONNELLES<\/h3>\n<p>&nbsp;<\/p>\n<p>Les commentaires des visiteurs peuvent \u00eatre v\u00e9rifi\u00e9s \u00e0 l\u2019aide d\u2019un service automatis\u00e9 de d\u00e9tection des commentaires ind\u00e9sirables. Aucunes donn\u00e9es n\u2019est transmises \u00e0 des organismes tiers.<\/p>\n<p>&nbsp;<\/p>\n<h3>INFORMATIONS DE CONTACT<\/h3>\n<p>&nbsp;<\/p>\n<p>Julien Tartre Chef \u00e0 Domicile | Chef Cuisinier<\/p>\n<p>13 Rue de la Vall\u00e9e d\u2019Anguin 86800 Saint Julien l\u2019Ars France Poitiers (Vienne 86)<\/p>\n<p>06 67 40 70 27\u00a0\u2013 contact@chef-domicile.com<\/p>\n<p>&nbsp;<\/p>\n<h3>COMMENT NOUS PROT\u00c9GEONS VOS DONN\u00c9ES<\/h3>\n<p>&nbsp;<\/p>\n<p>Certificat de s\u00e9curit\u00e9 SSL<\/p>\n<p>&nbsp;<\/p>\n<p>Serveurs LINUX + Supervision sur serveur<\/p>\n<p>&nbsp;<\/p>\n<p>Serveurs de sauvegarde<\/p>\n<p>&nbsp;<\/p>\n<p>Firewall<\/p>\n<p>&nbsp;<\/p>\n<p>S\u00e9curisation des donn\u00e9es sur serveurs (contacter nous pour connaitre nos proc\u00e9d\u00e9s)<\/p>\n<p>&nbsp;<\/p>\n<h3>PROC\u00c9DURES MISES EN \u0152UVRE EN CAS DE FUITE DE DONN\u00c9ES<\/h3>\n<p>&nbsp;<\/p>\n<p>Crash du serveur principal \u2013 Mise en place du serveur de sauvegarde<\/p>\n<p>&nbsp;<\/p>\n<p>Informations aupr\u00e8s des utilisateurs<\/p>\n<p>&nbsp;<\/p>\n<p>Intervention sur serveurs<\/p>\n<p>&nbsp;<\/p>\n<h3>LES SERVICES TIERS QUI NOUS TRANSMETTENT DES DONN\u00c9ES<\/h3>\n<p>&nbsp;<\/p>\n<p>Aucuns<\/p>\n<p>&nbsp;<\/p>\n<h3>OP\u00c9RATIONS DE MARKETING AUTOMATIS\u00c9 ET\/OU DE PROFILAGE R\u00c9ALIS\u00c9ES \u00c0 L\u2019AIDE DES DONN\u00c9ES PERSONNELLES<\/h3>\n<p>&nbsp;<\/p>\n<p>Aucunes<\/p>\n<p>&nbsp;<\/p>\n<h3>AFFICHAGE DES INFORMATIONS LI\u00c9ES AUX SECTEURS SOUMIS \u00c0 DES R\u00c9GULATIONS SP\u00c9CIFIQUES<\/h3>\n<p>&nbsp;<\/p>\n<p>Aucun<\/p>\n","protected":false},"excerpt":{"rendered":"<p>QUI SOMMES-NOUS\u00a0? Julien TARTRE, Chef \u00e0 domicile et traiteur \u00e0 Poitiers. L\u2019adresse de notre site web est\u00a0https:\/\/chef-domicile.com\/ UTILISATION DES DONN\u00c9ES PERSONNELLES COLLECT\u00c9ES ET POLITIQUE DE CONFIDENTIALIT\u00c9 COMMENTAIRES &nbsp; Quand vous laissez un commentaire sur notre site web, les donn\u00e9es inscrites [&hellip;]<\/p>\n","protected":false},"author":2,"featured_media":0,"parent":0,"menu_order":0,"comment_status":"closed","ping_status":"closed","template":"","meta":[],"yoast_head":"<!-- This site is optimized with the Yoast SEO plugin v19.9 - https:\/\/yoast.com\/wordpress\/plugins\/seo\/ -->\n<title>Politique de Confidentialit\u00e9 - Julien Tartre Chef \u00e0 Domicile<\/title>\n<meta name=\"robots\" content=\"index, follow, max-snippet:-1, max-image-preview:large, max-video-preview:-1\" \/>\n<link rel=\"canonical\" href=\"https:\/\/chef-domicile.com\/index.php\/en\/politique-de-confidentialite\/\" \/>\n<meta property=\"og:locale\" content=\"fr_FR\" \/>\n<meta property=\"og:type\" content=\"article\" \/>\n<meta property=\"og:title\" content=\"Politique de Confidentialit\u00e9 - Julien Tartre Chef \u00e0 Domicile\" \/>\n<meta property=\"og:description\" content=\"QUI SOMMES-NOUS\u00a0? Julien TARTRE, Chef \u00e0 domicile et traiteur \u00e0 Poitiers. L\u2019adresse de notre site web est\u00a0https:\/\/chef-domicile.com\/ UTILISATION DES DONN\u00c9ES PERSONNELLES COLLECT\u00c9ES ET POLITIQUE DE CONFIDENTIALIT\u00c9 COMMENTAIRES &nbsp; Quand vous laissez un commentaire sur notre site web, les donn\u00e9es inscrites [&hellip;]\" \/>\n<meta property=\"og:url\" content=\"https:\/\/chef-domicile.com\/index.php\/en\/politique-de-confidentialite\/\" \/>\n<meta property=\"og:site_name\" content=\"Julien Tartre Chef \u00e0 Domicile\" \/>\n<meta property=\"article:publisher\" content=\"https:\/\/www.facebook.com\/tartre.julien\/\" \/>\n<meta property=\"article:modified_time\" content=\"2020-01-16T17:14:33+00:00\" \/>\n<meta name=\"twitter:card\" content=\"summary_large_image\" \/>\n<meta name=\"twitter:label1\" content=\"Dur\u00e9e de lecture estim\u00e9e\" \/>\n\t<meta name=\"twitter:data1\" content=\"6 minutes\" \/>\n<script type=\"application\/ld+json\" class=\"yoast-schema-graph\">{\"@context\":\"https:\/\/schema.org\",\"@graph\":[{\"@type\":\"WebPage\",\"@id\":\"https:\/\/chef-domicile.com\/index.php\/en\/politique-de-confidentialite\/\",\"url\":\"https:\/\/chef-domicile.com\/index.php\/en\/politique-de-confidentialite\/\",\"name\":\"Politique de Confidentialit\u00e9 - Julien Tartre Chef \u00e0 Domicile\",\"isPartOf\":{\"@id\":\"https:\/\/chef-domicile.com\/#website\"},\"datePublished\":\"2020-01-16T17:10:30+00:00\",\"dateModified\":\"2020-01-16T17:14:33+00:00\",\"breadcrumb\":{\"@id\":\"https:\/\/chef-domicile.com\/index.php\/en\/politique-de-confidentialite\/#breadcrumb\"},\"inLanguage\":\"fr-FR\",\"potentialAction\":[{\"@type\":\"ReadAction\",\"target\":[\"https:\/\/chef-domicile.com\/index.php\/en\/politique-de-confidentialite\/\"]}]},{\"@type\":\"BreadcrumbList\",\"@id\":\"https:\/\/chef-domicile.com\/index.php\/en\/politique-de-confidentialite\/#breadcrumb\",\"itemListElement\":[{\"@type\":\"ListItem\",\"position\":1,\"name\":\"Accueil\",\"item\":\"https:\/\/chef-domicile.com\/index.php\/fr\/accueil\/\"},{\"@type\":\"ListItem\",\"position\":2,\"name\":\"Politique de Confidentialit\u00e9\"}]},{\"@type\":\"WebSite\",\"@id\":\"https:\/\/chef-domicile.com\/#website\",\"url\":\"https:\/\/chef-domicile.com\/\",\"name\":\"Julien Tartre Chef \u00e0 Domicile\",\"description\":\"Cuisiner et faire Plaisir \u00e0 Poitiers\",\"publisher\":{\"@id\":\"https:\/\/chef-domicile.com\/#organization\"},\"potentialAction\":[{\"@type\":\"SearchAction\",\"target\":{\"@type\":\"EntryPoint\",\"urlTemplate\":\"https:\/\/chef-domicile.com\/?s={search_term_string}\"},\"query-input\":\"required name=search_term_string\"}],\"inLanguage\":\"fr-FR\"},{\"@type\":\"Organization\",\"@id\":\"https:\/\/chef-domicile.com\/#organization\",\"name\":\"Julien Tartre Chef \u00e0 Domicile\",\"url\":\"https:\/\/chef-domicile.com\/\",\"logo\":{\"@type\":\"ImageObject\",\"inLanguage\":\"fr-FR\",\"@id\":\"https:\/\/chef-domicile.com\/#\/schema\/logo\/image\/\",\"url\":\"https:\/\/chef-domicile.com\/wp-content\/uploads\/2017\/07\/logo-petit.png\",\"contentUrl\":\"https:\/\/chef-domicile.com\/wp-content\/uploads\/2017\/07\/logo-petit.png\",\"width\":150,\"height\":150,\"caption\":\"Julien Tartre Chef \u00e0 Domicile\"},\"image\":{\"@id\":\"https:\/\/chef-domicile.com\/#\/schema\/logo\/image\/\"},\"sameAs\":[\"https:\/\/www.facebook.com\/tartre.julien\/\"]}]}<\/script>\n<!-- \/ Yoast SEO plugin. -->","yoast_head_json":{"title":"Politique de Confidentialit\u00e9 - Julien Tartre Chef \u00e0 Domicile","robots":{"index":"index","follow":"follow","max-snippet":"max-snippet:-1","max-image-preview":"max-image-preview:large","max-video-preview":"max-video-preview:-1"},"canonical":"https:\/\/chef-domicile.com\/index.php\/en\/politique-de-confidentialite\/","og_locale":"fr_FR","og_type":"article","og_title":"Politique de Confidentialit\u00e9 - Julien Tartre Chef \u00e0 Domicile","og_description":"QUI SOMMES-NOUS\u00a0? Julien TARTRE, Chef \u00e0 domicile et traiteur \u00e0 Poitiers. L\u2019adresse de notre site web est\u00a0https:\/\/chef-domicile.com\/ UTILISATION DES DONN\u00c9ES PERSONNELLES COLLECT\u00c9ES ET POLITIQUE DE CONFIDENTIALIT\u00c9 COMMENTAIRES &nbsp; Quand vous laissez un commentaire sur notre site web, les donn\u00e9es inscrites [&hellip;]","og_url":"https:\/\/chef-domicile.com\/index.php\/en\/politique-de-confidentialite\/","og_site_name":"Julien Tartre Chef \u00e0 Domicile","article_publisher":"https:\/\/www.facebook.com\/tartre.julien\/","article_modified_time":"2020-01-16T17:14:33+00:00","twitter_card":"summary_large_image","twitter_misc":{"Dur\u00e9e de lecture estim\u00e9e":"6 minutes"},"schema":{"@context":"https:\/\/schema.org","@graph":[{"@type":"WebPage","@id":"https:\/\/chef-domicile.com\/index.php\/en\/politique-de-confidentialite\/","url":"https:\/\/chef-domicile.com\/index.php\/en\/politique-de-confidentialite\/","name":"Politique de Confidentialit\u00e9 - Julien Tartre Chef \u00e0 Domicile","isPartOf":{"@id":"https:\/\/chef-domicile.com\/#website"},"datePublished":"2020-01-16T17:10:30+00:00","dateModified":"2020-01-16T17:14:33+00:00","breadcrumb":{"@id":"https:\/\/chef-domicile.com\/index.php\/en\/politique-de-confidentialite\/#breadcrumb"},"inLanguage":"fr-FR","potentialAction":[{"@type":"ReadAction","target":["https:\/\/chef-domicile.com\/index.php\/en\/politique-de-confidentialite\/"]}]},{"@type":"BreadcrumbList","@id":"https:\/\/chef-domicile.com\/index.php\/en\/politique-de-confidentialite\/#breadcrumb","itemListElement":[{"@type":"ListItem","position":1,"name":"Accueil","item":"https:\/\/chef-domicile.com\/index.php\/fr\/accueil\/"},{"@type":"ListItem","position":2,"name":"Politique de Confidentialit\u00e9"}]},{"@type":"WebSite","@id":"https:\/\/chef-domicile.com\/#website","url":"https:\/\/chef-domicile.com\/","name":"Julien Tartre Chef \u00e0 Domicile","description":"Cuisiner et faire Plaisir \u00e0 Poitiers","publisher":{"@id":"https:\/\/chef-domicile.com\/#organization"},"potentialAction":[{"@type":"SearchAction","target":{"@type":"EntryPoint","urlTemplate":"https:\/\/chef-domicile.com\/?s={search_term_string}"},"query-input":"required name=search_term_string"}],"inLanguage":"fr-FR"},{"@type":"Organization","@id":"https:\/\/chef-domicile.com\/#organization","name":"Julien Tartre Chef \u00e0 Domicile","url":"https:\/\/chef-domicile.com\/","logo":{"@type":"ImageObject","inLanguage":"fr-FR","@id":"https:\/\/chef-domicile.com\/#\/schema\/logo\/image\/","url":"https:\/\/chef-domicile.com\/wp-content\/uploads\/2017\/07\/logo-petit.png","contentUrl":"https:\/\/chef-domicile.com\/wp-content\/uploads\/2017\/07\/logo-petit.png","width":150,"height":150,"caption":"Julien Tartre Chef \u00e0 Domicile"},"image":{"@id":"https:\/\/chef-domicile.com\/#\/schema\/logo\/image\/"},"sameAs":["https:\/\/www.facebook.com\/tartre.julien\/"]}]}},"_links":{"self":[{"href":"https:\/\/chef-domicile.com\/index.php\/wp-json\/wp\/v2\/pages\/5412"}],"collection":[{"href":"https:\/\/chef-domicile.com\/index.php\/wp-json\/wp\/v2\/pages"}],"about":[{"href":"https:\/\/chef-domicile.com\/index.php\/wp-json\/wp\/v2\/types\/page"}],"author":[{"embeddable":true,"href":"https:\/\/chef-domicile.com\/index.php\/wp-json\/wp\/v2\/users\/2"}],"replies":[{"embeddable":true,"href":"https:\/\/chef-domicile.com\/index.php\/wp-json\/wp\/v2\/comments?post=5412"}],"version-history":[{"count":3,"href":"https:\/\/chef-domicile.com\/index.php\/wp-json\/wp\/v2\/pages\/5412\/revisions"}],"predecessor-version":[{"id":5417,"href":"https:\/\/chef-domicile.com\/index.php\/wp-json\/wp\/v2\/pages\/5412\/revisions\/5417"}],"wp:attachment":[{"href":"https:\/\/chef-domicile.com\/index.php\/wp-json\/wp\/v2\/media?parent=5412"}],"curies":[{"name":"wp","href":"https:\/\/api.w.org\/{rel}","templated":true}]}}